{"id":767,"date":"2026-08-31T12:47:33","date_gmt":"2026-08-31T12:47:33","guid":{"rendered":"https:\/\/bekk.edu.hu\/new\/?page_id=767"},"modified":"2026-08-31T12:53:40","modified_gmt":"2026-08-31T12:53:40","slug":"oktatasi-hivatal-bazisintezmenye-2026-2029","status":"publish","type":"page","link":"https:\/\/bekk.edu.hu\/new\/index.php\/oktatasi-hivatal-bazisintezmenye-2026-2029\/","title":{"rendered":"OKTAT\u00c1SI HIVATAL B\u00c1ZISINT\u00c9ZM\u00c9NYE 2026-2029"},"content":{"rendered":"\n<div class=\"wp-block-image is-style-default\"><figure class=\"alignleft size-full is-resized\"><a href=\"http:\/\/bekk.edu.hu\/new\/wp-content\/uploads\/2026\/08\/Bazisintezmeny-oklevel.pdf\"><img loading=\"lazy\" src=\"https:\/\/bekk.edu.hu\/new\/wp-content\/uploads\/2026\/08\/Bazisintezmeny-oklevel.png\" alt=\"\" class=\"wp-image-768\" width=\"236\" height=\"335\" srcset=\"https:\/\/bekk.edu.hu\/new\/wp-content\/uploads\/2026\/08\/Bazisintezmeny-oklevel.png 605w, https:\/\/bekk.edu.hu\/new\/wp-content\/uploads\/2026\/08\/Bazisintezmeny-oklevel-212x300.png 212w\" sizes=\"(max-width: 236px) 100vw, 236px\" \/><\/a><\/figure><\/div>\n\n\n\n<pre class=\"wp-block-preformatted has-white-background-color has-background\">Koll\u00e9giumunk 2026-ban adott be p\u00e1ly\u00e1zatot Az Oktat\u00e1si Hivatal B\u00e1zisint\u00e9zm\u00e9nye c\u00edm elnyer\u00e9s\u00e9re. Az Oktat\u00e1si Hivatal \u00e1ltal ki\u00edrt p\u00e1ly\u00e1zaton - a Pedag\u00f3giai Oktat\u00e1si K\u00f6zpont \u00e9s a b\u00edr\u00e1l\u00f3 bizotts\u00e1g javaslatai alapj\u00e1n - az Oktat\u00e1si Hivatal k\u00f6znevel\u00e9si eln\u00f6khelyettese a rendk\u00edv\u00fcl magas szakmai sz\u00ednvonal\u00fa p\u00e1lyamunk\u00e1k k\u00f6z\u00fcl a Budapesti Egyes\u00edtett K\u00f6z\u00e9piskolai Koll\u00e9giumot \u00e9rdemesnek \u00edt\u00e9lte Az Oktat\u00e1si Hivatal B\u00e1zisint\u00e9zm\u00e9nye c\u00edm visel\u00e9s\u00e9re. \nA b\u00e1zisint\u00e9zm\u00e9ny olyan v\u00e1rmegyei, j\u00e1r\u00e1si, esetleg orsz\u00e1gos szinten magas preszt\u00edzs\u0171 hagyom\u00e1nyokkal rendelkez\u0151, infrastrukt\u00far\u00e1ban a feladatell\u00e1t\u00e1shoz megfelel\u0151 m\u00f3don felszerelt, egyedi, m\u00e1s int\u00e9zm\u00e9nyek sz\u00e1m\u00e1ra is p\u00e9lda\u00e9rt\u00e9k\u0171, m\u0171k\u00f6d\u00e9s\u00e9ben koherens, befogad\u00f3, gyermekk\u00f6zpont\u00fa pedag\u00f3giai gyakorlattal, szakmai m\u00f3dszertani, szervezeti kult\u00far\u00e1val \u00e9s innov\u00e1ci\u00f3val rendelkez\u0151, \u00e9s ezt publik\u00e1lni, valamint szakmai szolg\u00e1ltat\u00e1sk\u00e9nt \u00e1tadni k\u00e9pes int\u00e9zm\u00e9ny, mely alkalmas adott ter\u00fcleten magas sz\u00ednvonal\u00fa, hat\u00e9kony tud\u00e1smegoszt\u00e1sra. Olyan int\u00e9zm\u00e9ny, melyben a j\u00f3 gyakorlat eredm\u00e9nyesen m\u0171k\u00f6dik mesterpedag\u00f3gus vagy mesterpedag\u00f3gus szaktan\u00e1csad\u00f3, illetve az int\u00e9zm\u00e9nyvezet\u0151 \u00e1ltal kijel\u00f6lt pedag\u00f3gus k\u00f6zrem\u0171k\u00f6d\u00e9s\u00e9vel. \nAz Oktat\u00e1si Hivatal B\u00e1zisint\u00e9zm\u00e9nye c\u00edm visel\u00e9se megtisztel\u0151 mind az int\u00e9zm\u00e9ny vezet\u00e9se, mind a pedag\u00f3gusok sz\u00e1m\u00e1ra, hiszen a j\u00f3gyakorlatok \u00e1tad\u00e1s\u00e1val tov\u00e1bb fejleszthetj\u00fck szakmai tud\u00e1sunkat. \n\nA b\u00e1zisint\u00e9zm\u00e9ny j\u00f3gyakorlatai: \n\n\nKapcsolattart\u00f3: \nN\u00e9v: Tak\u00e1csn\u00e9 Pinke Andrea igazgat\u00f3helyettes\nTelefon: 06-1-60-67-102\nEmail: igazgatohelyettes1.bekk@gmail.com\n<\/pre>\n","protected":false},"excerpt":{"rendered":"<p>Koll\u00e9giumunk 2026-ban adott be p\u00e1ly\u00e1zatot Az Oktat\u00e1si Hivatal B\u00e1zisint\u00e9zm\u00e9nye c\u00edm elnyer\u00e9s\u00e9re. Az Oktat\u00e1si Hivatal \u00e1ltal ki\u00edrt p\u00e1ly\u00e1zaton &#8211; a Pedag\u00f3giai Oktat\u00e1si K\u00f6zpont \u00e9s a b\u00edr\u00e1l\u00f3 bizotts\u00e1g javaslatai alapj\u00e1n &#8211; az&#8230; <a href=\"https:\/\/bekk.edu.hu\/new\/index.php\/oktatasi-hivatal-bazisintezmenye-2026-2029\/\">Read more &raquo;<\/a><\/p>\n","protected":false},"author":4,"featured_media":0,"parent":0,"menu_order":0,"comment_status":"closed","ping_status":"closed","template":"","meta":[],"_links":{"self":[{"href":"https:\/\/bekk.edu.hu\/new\/index.php\/wp-json\/wp\/v2\/pages\/767"}],"collection":[{"href":"https:\/\/bekk.edu.hu\/new\/index.php\/wp-json\/wp\/v2\/pages"}],"about":[{"href":"https:\/\/bekk.edu.hu\/new\/index.php\/wp-json\/wp\/v2\/types\/page"}],"author":[{"embeddable":true,"href":"https:\/\/bekk.edu.hu\/new\/index.php\/wp-json\/wp\/v2\/users\/4"}],"replies":[{"embeddable":true,"href":"https:\/\/bekk.edu.hu\/new\/index.php\/wp-json\/wp\/v2\/comments?post=767"}],"version-history":[{"count":8,"href":"https:\/\/bekk.edu.hu\/new\/index.php\/wp-json\/wp\/v2\/pages\/767\/revisions"}],"predecessor-version":[{"id":778,"href":"https:\/\/bekk.edu.hu\/new\/index.php\/wp-json\/wp\/v2\/pages\/767\/revisions\/778"}],"wp:attachment":[{"href":"https:\/\/bekk.edu.hu\/new\/index.php\/wp-json\/wp\/v2\/media?parent=767"}],"curies":[{"name":"wp","href":"https:\/\/api.w.org\/{rel}","templated":true}]}}