{"id":151,"date":"2019-10-25T17:18:59","date_gmt":"2019-10-25T17:18:59","guid":{"rendered":"http:\/\/bekk.sulinet.hu\/new\/?page_id=151"},"modified":"2022-03-11T16:22:06","modified_gmt":"2022-03-11T16:22:06","slug":"kollegiumunk-tortenete","status":"publish","type":"page","link":"https:\/\/bekk.edu.hu\/new\/index.php\/kollegiumunk-tortenete\/","title":{"rendered":"Koll\u00e9giumunk t\u00f6rt\u00e9nete"},"content":{"rendered":"\n<figure class=\"wp-block-image size-full\"><img loading=\"lazy\" width=\"259\" height=\"194\" src=\"http:\/\/bekk.edu.hu\/new\/wp-content\/uploads\/2022\/03\/BEKK-\u00e9p\u00fclet-k\u00edv\u00fclr\u0151l.jpg\" alt=\"\" class=\"wp-image-223\" srcset=\"https:\/\/bekk.edu.hu\/new\/wp-content\/uploads\/2022\/03\/BEKK-\u00e9p\u00fclet-k\u00edv\u00fclr\u0151l.jpg 259w, https:\/\/bekk.edu.hu\/new\/wp-content\/uploads\/2022\/03\/BEKK-\u00e9p\u00fclet-k\u00edv\u00fclr\u0151l-240x180.jpg 240w\" sizes=\"(max-width: 259px) 100vw, 259px\" \/><\/figure>\n\n\n\n<p>Koll\u00e9giumunk, mint a f\u0151v\u00e1ros legnagyobb\nkoll\u00e9giuma t\u00f6bb mint 50 \u00e9ves m\u00faltra tekint vissza. Az int\u00e9zm\u00e9ny jogel\u0151dje a 45.\nsz. Szakmunk\u00e1s otthon 1964-ben l\u00e9tes\u00fclt.<\/p>\n\n\n\n<p>Abban az \u00e9vben indult egy 15 \u00e9ves lak\u00e1s\u00e9p\u00edt\u00e9si program, amelyben 1,5 milli\u00f3 lak\u00e1s fel\u00e9p\u00edt\u00e9s\u00e9t tervezt\u00e9k. Ezt a hatalmas programot szakmunk\u00e1sokkal lehetett megval\u00f3s\u00edtani, viszont a f\u0151v\u00e1rosi gyerekforr\u00e1s ezt az ig\u00e9nyt nem tudta kiel\u00e9g\u00edteni. \u00cdgy j\u00f6ttek l\u00e9tre a szakmunk\u00e1sk\u00e9pz\u0151 int\u00e9zm\u00e9nyek: az (36) Ybl \u00e9p\u00edt\u0151ipari, (31) Arany J\u00e1nos m\u0171szaki szakiskol\u00e1k, \u00e9s a vid\u00e9ki di\u00e1kok elsz\u00e1ll\u00e1sol\u00e1s\u00e1ra l\u00e9trej\u00f6tt a 45. sz. koll\u00e9gium a Bart\u00f3k B\u00e9la \u00faton (akkor sz\u00e1mozt\u00e1k az oktat\u00e1si int\u00e9zm\u00e9nyeket). K\u00e9t \u00e9p\u00fcletben 8 \u00e1gyas szob\u00e1kban 1300 tanul\u00f3 ker\u00fclt elhelyez\u00e9sre. Els\u0151 igazgat\u00f3ja Cs\u00fcd\u00f6r S\u00e1ndor volt. Az int\u00e9zm\u00e9ny fenntart\u00e1s\u00e1ra biztos\u00edtott keret sz\u0171k\u00f6s volt, a szolg\u00e1ltat\u00e1s sz\u00ednvonala alacsony volt, havonta egyszer volt \u00e1gynem\u0171csere, az alum\u00ednium \u00e9tkez\u0151eszk\u00f6z\u00f6k, kan\u00e1l, villa l\u00e1nccal az asztalra volt r\u00f6gz\u00edtve. 1973-ban a Tan\u00e1cst\u00f6rv\u00e9ny \u00e1tt\u00f6r\u00e9st hozott, a f\u0151v\u00e1ros vette \u00e1t az \u00e9p\u00fcletek \u00fczemeltet\u00e9s\u00e9t, az igazgat\u00f3 S\u00e1dt Ede lett, \u00e9s a f\u0151v\u00e1ros 8 milli\u00f3 forintot adott fel\u00faj\u00edt\u00e1sra, korszer\u0171s\u00edt\u00e9sre (2 db Tv is volt). A tanul\u00f3i l\u00e9tsz\u00e1m 1600 f\u0151re n\u0151tt, \u00edgy 1976 nyar\u00e1n a koll\u00e9gium a Mogyor\u00f3di \u00fati t\u00e9rs\u00e9gbe k\u00f6lt\u00f6z\u00f6tt \u00f6t \u00e9p\u00fcletbe (M-19, M-21, T-22, T-24, Z\u00f6ld \u00e9p\u00fclet, ma Wessel\u00e9nyi Szki). Ezek az \u00e9p\u00fcletek 1953-57 k\u00f6z\u00f6tt \u00e9p\u00fcltek, az olimpia rendezv\u00e9nyeire, az olimpiai falu r\u00e9szek\u00e9nt. V\u00e9g\u00fcl az 1960-as Ny\u00e1ri olimpi\u00e1t R\u00f3ma rendezhette. 1954-t\u0151l ezek az \u00e9p\u00fcletek munk\u00e1ssz\u00e1ll\u00e1sok voltak, valamint katonasz\u00e1ll\u00e1s. Tanul\u00f3k l\u00e9tsz\u00e1ma 1650 f\u0151, \u00e9s 60 f\u0151s tantest\u00fclet volt.1980-as \u00e9vek k\u00f6zep\u00e9n \u00e9p\u00edtett\u00e9k az \u00e9ttermet \u00e9s a h\u0151 k\u00f6zpontot. T\u00fal nagy volt az int\u00e9zet, \u00edgy 1986-89 k\u00f6z\u00f6tt \u00f6n\u00e1ll\u00f3s\u00edtott\u00e1k a Varga Katalin (T-24) \u00e9s Cz\u00f3bel Ern\u0151, k\u00e9s\u0151bbi nev\u00e9n G\u00e1rdonyi G\u00e9za (T-22) koll\u00e9giumokat, a Z\u00f6ld \u00e9p\u00fclet megsz\u0171nt, mint koll\u00e9gium, az \u00e9p\u00fcletbe a mostani Wessel\u00e9nyi M\u0171szaki Szakk\u00f6z\u00e9piskola k\u00f6lt\u00f6z\u00f6tt. A K\u00f3s K\u00e1roly koll\u00e9gium k\u00e9t \u00e9p\u00fclettel (M-19, M-21) \u00f6n\u00e1ll\u00f3 gazdas\u00e1gi int\u00e9zet lett. K\u00f3s K\u00e1roly nev\u00e9t a koll\u00e9gium 1989-vette fel, mivel abban az id\u0151ben \u00e9p\u00edt\u0151ipari szakmunk\u00e1s tanul\u00f3k voltak a koll\u00e9giumban, \u00e9s K\u00f3s K\u00e1roly az erd\u00e9lyi \u00e9s magyarorsz\u00e1gi \u00e9p\u00edt\u00e9szet kiemelked\u0151 alakja volt.<\/p>\n\n\n\n<p>A koll\u00e9giumban t\u00f6bb mint 800 tanul\u00f3 ker\u00fclt elhelyez\u00e9sre\nakkoriban 6 \u00e1gyas szob\u00e1kban, kiv\u00e9tel ez al\u00f3l az M-21-es \u00e9p\u00fclet I. emelete, ahol\n4 \u00e1gyas szob\u00e1kat alak\u00edtottak ki. A szob\u00e1kban emeletes vas\u00e1gyak voltak, kis\nl\u00e9tr\u00e1val ell\u00e1tva, \u00edgy szintenk\u00e9nt kb.150-170 tanul\u00f3 lakott. K\u00e9s\u0151bb a 90 \u00e9vek\nelej\u00e9n az M-21-es \u00e9p\u00fcletben 4 \u00e1gyas szob\u00e1kat alak\u00edtottak ki, kicser\u00e9lt\u00e9k a\nb\u00fatorzatot, fel\u00faj\u00edtott\u00e1k a f\u00fcrd\u0151ket, mosd\u00f3kat, \u00e9s az M-19-es \u00e9p\u00fcletben is fa\n\u00e1gyak ker\u00fcltek a szob\u00e1kba. Az \u00e9tkez\u00e9s k\u00f6telez\u0151 volt, \u00edgy minden este sorban\nlementek a tanul\u00f3k az \u00e9tterembe, \u00e9s ott vett\u00e9k \u00e1t a nevel\u0151tan\u00e1rokt\u00f3l az\n\u00e9tkez\u00e9si jegyeket, ami ellen\u00e9ben megkapt\u00e1k a vacsor\u00e1t. Szintenk\u00e9nt volt egy\nTV-szoba, mos\u00f3konyha mos\u00f3g\u00e9ppel, centrifug\u00e1val, \u00e9s egy \u00e9tkez\u0151 \u00e9telmeleg\u00edt\u00e9si\nlehet\u0151s\u00e9ggel. Mindk\u00e9t \u00e9p\u00fcletben volt egy nagy k\u00f6nyvt\u00e1r, ahol a tanulm\u00e1nyokhoz\nsz\u00fcks\u00e9ges szakk\u00f6nyvek, sz\u00e9pirodalmi m\u0171vek gazdag v\u00e1laszt\u00e9ka v\u00e1rta a tanul\u00f3kat (10.000\nk\u00f6tet). Minden csoportnak k\u00fcl\u00f6n tanul\u00f3szoba \u00e1llt a rendelkez\u00e9s\u00e9re a tanulm\u00e1nyi\nmunk\u00e1hoz. K\u00f6zel 40 f\u0151s tantest\u00fclet seg\u00edti a tanul\u00f3kat, korrepet\u00e1l\u00e1sokat,\nszakk\u00f6r\u00f6ket szervezve ekkor. A kilencvenes \u00e9vek elej\u00e9n kialak\u00edtott\u00e1k az M-19-es\n\u00e9p\u00fcletben az akkor nagyon modernnek mondhat\u00f3 sz\u00e1m\u00edt\u00f3g\u00e9ptermet, majd k\u00e9s\u0151bb az\nM-21-es \u00e9p\u00fcletben is. Az int\u00e9zm\u00e9nynek volt 2 aut\u00f3busza, melyekkel a tanul\u00f3k\n\u00e9vente 2 alkalommal ingyen tanulm\u00e1nyi kir\u00e1ndul\u00e1son vehettek r\u00e9szt a koll\u00e9gist\u00e1k.\nM\u0171sorok, programok rendez\u00e9s\u00e9re az M-19-es \u00e9p\u00fclet f\u00f6ldszintj\u00e9n tal\u00e1lhat\u00f3 a\nsz\u00ednh\u00e1zterem.<\/p>\n\n\n\n<p>S\u00e1dt Ede igazgat\u00f3 nyugd\u00edjba vonul\u00e1sa ut\u00e1ni \u00e1tmeneti\nid\u0151szakban Hrubi G\u00e1bor, majd Tarnai Katalin megb\u00edzott igazgat\u00f3 vezett\u00e9k a\nkoll\u00e9giumot. 2012 &#8211; ben a f\u0151v\u00e1ros \u00fagy d\u00f6nt\u00f6tt, hogy \u00f6sszevonja a t\u00e9rs\u00e9g\nkoll\u00e9giumait, \u00edgy j\u00f6tt l\u00e9tre a V\u00e1rna T\u00e9rs\u00e9gi K\u00f6z\u00e9piskolai Koll\u00e9gium 4\n\u00e9p\u00fclettel, Vir\u00e1gh Krisztina igazgat\u00f3n\u0151 vezet\u00e9s\u00e9vel. A V\u00e1rna T\u00e9rs\u00e9gi\nK\u00f6z\u00e9piskolai Koll\u00e9gium h\u00e1rom koll\u00e9gium \u2013 a G\u00e1rdonyi G\u00e9za Koll\u00e9gium, a K\u00f3s\nK\u00e1roly Koll\u00e9gium, valamint a Varga Katalin K\u00f6z\u00e9piskolai Koll\u00e9gium \u2013 megsz\u0171n\u00e9s\u00e9t\nk\u00f6vet\u0151en, azok jogut\u00f3dak\u00e9nt j\u00f6tt l\u00e9tre 2012. augusztus 1. napj\u00e1n.<\/p>\n\n\n\n<p>2012. december 30. napj\u00e1t\u00f3l elnevez\u00e9se <strong>Budapesti Egyes\u00edtett K\u00f6z\u00e9piskolai Koll\u00e9gium<\/strong>ra\n(BEKK) v\u00e1ltozott. 2014-t\u0151l a T-22-ben a De\u00e1k Ferenc Koll\u00e9gium m\u0171k\u00f6dik, \u00edgy\njelenleg a BEKK-hez h\u00e1rom \u00e9p\u00fclet tartozik, ahol \u00f6sszesen 607 di\u00e1k kaphat\nelhelyez\u00e9st. <\/p>\n\n\n\n<p>Minden\nint\u00e9zm\u00e9ny \u00e9let\u00e9hez hozz\u00e1tartozik a hagyom\u00e1ny\u00e1pol\u00e1s, hiszen a hagyom\u00e1nyok\n\u00f6sszek\u00f6tik a m\u00faltat a jelennel. Az \u00f6tven \u00e9v sor\u00e1n koll\u00e9giumunkban nagyon sok,\nsz\u00ednes \u00e9s gazdag tev\u00e9kenys\u00e9g, program rendezv\u00e9ny volt, amelyek k\u00f6z\u00fcl egyesek\nfeled\u00e9sbe mer\u00fcltek, de aktualit\u00e1suk miatt \u00fajabb \u00e9s \u00fajabb programok ker\u00fclnek\nmegrendez\u00e9sre. A teljess\u00e9g ig\u00e9nye n\u00e9lk\u00fcl megeml\u00edtek egy p\u00e1r rendezv\u00e9nyt,\nprogramot, mely hagyom\u00e1nyosnak mondhat\u00f3, hozz\u00e1tartozik koll\u00e9giumunk \u00e9let\u00e9hez:<\/p>\n\n\n\n<ul><li>okt\u00f3ber 6, okt\u00f3ber 23, m\u00e1rcius 15-ei \u00fcnneps\u00e9gek<\/li><li>Kar\u00e1csonyi \u00fcnneps\u00e9g<\/li><li>K &#8211; faktor, zen\u00e9s m\u0171sorok<\/li><li>vers \u00e9s pr\u00f3zamond\u00f3 verseny<\/li><li>EU f\u00f6ldrajza vet\u00e9lked\u0151<\/li><li>T\u00f6rt\u00e9nelmi vet\u00e9lked\u0151<\/li><li>Koll\u00e9giumi napok, sport rendezv\u00e9nyek, versenyek<\/li><li>Eg\u00e9szs\u00e9gnapok rendezv\u00e9nyei<\/li><li>T\u00e9mah\u00e9t el\u0151ad\u00e1sai, rendezv\u00e9nyei<\/li><li>Pedag\u00f3gusnapi \u00fcnneps\u00e9g <\/li><li>Koll\u00e9giumi \u00fajs\u00e1g szerkeszt\u00e9se<\/li><li>Kir\u00e1ndul\u00e1sok, sz\u00ednh\u00e1zl\u00e1togat\u00e1s<\/li><\/ul>\n\n\n\n<p>\u00a0\u00a0\u00a0\u00a0\u00a0\u00a0\u00a0\u00a0\u00a0\u00a0\u00a0\u00a0\u00a0\u00a0\u00a0\u00a0\u00a0\u00a0\u00a0\u00a0\u00a0\u00a0\u00a0\u00a0\u00a0\u00a0\u00a0\u00a0\u00a0\u00a0\u00a0\u00a0\u00a0\u00a0\u00a0\u00a0\u00a0\u00a0\u00a0\u00a0\u00a0\u00a0\u00a0\u00a0\u00a0\u00a0\u00a0\u00a0\u00a0\u00a0\u00a0\u00a0\u00a0\u00a0\u00a0\u00a0\u00a0\u00a0\u00a0\u00a0\u00a0\u00a0\u00a0\u00a0\u00a0\u00a0\u00a0\u00a0\u00a0\u00a0\u00a0\u00a0\u00a0\u00a0\u00a0\u00a0\u00a0\u00a0\u00a0\u00a0\u00a0\u00a0\u00a0\u00a0\u00a0\u00a0\u00a0\u00a0\u00a0\u00a0\u00a0\u00a0\u00a0 Szab\u00f3 Judit<\/p>\n\n\n\n<p>                                                                                              tan\u00e1rn\u0151 <\/p>\n\n\n\n<p><\/p>\n","protected":false},"excerpt":{"rendered":"<p>Koll\u00e9giumunk, mint a f\u0151v\u00e1ros legnagyobb koll\u00e9giuma t\u00f6bb mint 50 \u00e9ves m\u00faltra tekint vissza. Az int\u00e9zm\u00e9ny jogel\u0151dje a 45. sz. Szakmunk\u00e1s otthon 1964-ben l\u00e9tes\u00fclt. Abban az \u00e9vben indult egy 15 \u00e9ves&#8230; <a href=\"https:\/\/bekk.edu.hu\/new\/index.php\/kollegiumunk-tortenete\/\">Read more &raquo;<\/a><\/p>\n","protected":false},"author":3,"featured_media":0,"parent":0,"menu_order":0,"comment_status":"closed","ping_status":"closed","template":"","meta":[],"_links":{"self":[{"href":"https:\/\/bekk.edu.hu\/new\/index.php\/wp-json\/wp\/v2\/pages\/151"}],"collection":[{"href":"https:\/\/bekk.edu.hu\/new\/index.php\/wp-json\/wp\/v2\/pages"}],"about":[{"href":"https:\/\/bekk.edu.hu\/new\/index.php\/wp-json\/wp\/v2\/types\/page"}],"author":[{"embeddable":true,"href":"https:\/\/bekk.edu.hu\/new\/index.php\/wp-json\/wp\/v2\/users\/3"}],"replies":[{"embeddable":true,"href":"https:\/\/bekk.edu.hu\/new\/index.php\/wp-json\/wp\/v2\/comments?post=151"}],"version-history":[{"count":6,"href":"https:\/\/bekk.edu.hu\/new\/index.php\/wp-json\/wp\/v2\/pages\/151\/revisions"}],"predecessor-version":[{"id":228,"href":"https:\/\/bekk.edu.hu\/new\/index.php\/wp-json\/wp\/v2\/pages\/151\/revisions\/228"}],"wp:attachment":[{"href":"https:\/\/bekk.edu.hu\/new\/index.php\/wp-json\/wp\/v2\/media?parent=151"}],"curies":[{"name":"wp","href":"https:\/\/api.w.org\/{rel}","templated":true}]}}